{"id":11,"date":"2011-05-18T16:16:08","date_gmt":"2011-05-18T16:16:08","guid":{"rendered":"http:\/\/www.blogdopilako.com.br\/wp\/?page_id=11"},"modified":"2021-07-07T17:50:58","modified_gmt":"2021-07-07T20:50:58","slug":"perfil","status":"publish","type":"page","link":"https:\/\/www.blogdopilako.com.br\/wp\/perfil\/","title":{"rendered":"Perfil"},"content":{"rendered":"\n\t\t\t\t<div class=\"mr_social_sharing_wrapper\">\n\t\t\t\t<!-- Social Sharing Toolkit v2.2 --><span class=\"mr_social_sharing_top\"><span style=\"display: inline-block; width: 55px; height: 62px; overflow: hidden;\"><div class=\"fb-like\" data-href=\"https:\/\/www.blogdopilako.com.br\/wp\/perfil\/\" data-send=\"false\" data-layout=\"box_count\" data-width=\"55\" data-show-faces=\"false\"><\/div><\/span><\/span><span class=\"mr_social_sharing_top\"><fb:share-button type=\"box_count\" href=\"https:\/\/www.blogdopilako.com.br\/wp\/perfil\/\"><\/fb:share-button><\/span><span class=\"mr_social_sharing\"><a rel=\"nofollow\" class=\"linksalpha_button linksalpha_link\" href=\"\/\/www.linksalpha.com\/social\/mobile\" data-url=\"https:\/\/www.blogdopilako.com.br\/wp\/perfil\/\" data-text=\"Perfil\" data-desc=\"Cristiano Pilako nasceu em 26 de dezembro de 1967, casado com Soraya e pai de Gabriel, \u00e9 empres\u00e1rio, compositor, vitoriense atuante, presidente da ACIAV (Associa\u00e7\u00e3o Empresarial, Industrial e Agropecu\u00e1ria da Vit\u00f3ria) por dois mandatos, presidente da ABTV (Associa\u00e7\u00e3o dos Blocos de Trios\" data-image=\"http:\/\/www.blogdopilako.com.br\/wp\/wp-content\/uploads\/pilako2-300x231.jpg\" data-button=\"none\">\n\t\t\t\t\t<img src=\"\/\/www.linksalpha.com\/images\/social_share_button.png\" alt=\"Share\" class=\"linksalpha_image\" \/>\n\t\t\t\t\t<\/a><script type=\"text\/javascript\" src=\"\/\/www.linksalpha.com\/scripts\/loader_iconbox.js?v=2.4\"><\/script><\/span><\/div><p style=\"text-align: justify;\"><strong><a href=\"http:\/\/www.blogdopilako.com.br\/wp\/wp-content\/uploads\/pilako2.jpg\"><img loading=\"lazy\" class=\"size-medium wp-image-326 alignleft\" title=\"pilako\" src=\"http:\/\/www.blogdopilako.com.br\/wp\/wp-content\/uploads\/pilako2-300x231.jpg\" alt=\"\" width=\"300\" height=\"231\" \/><\/a>Cristiano Pilako<\/strong> nasceu em 26 de dezembro de 1967, casado com Soraya e pai de Gabriel, \u00e9 empres\u00e1rio, compositor, vitoriense atuante, presidente da ACIAV (Associa\u00e7\u00e3o Empresarial, Industrial e Agropecu\u00e1ria da Vit\u00f3ria) por dois mandatos, presidente da ABTV (Associa\u00e7\u00e3o dos Blocos de Trios El\u00e9tricos da Vit\u00f3ria) por tr\u00eas mandatos, membro do Lions Clube Internacional, do Instituto Hist\u00f3rico e Geogr\u00e1fico da Vit\u00f3ria, tamb\u00e9m foi membro atuante do Conselho da Paz e do Conselho Diretor da Escola Agrot\u00e9cnica Federal, atual IFPE, entre outras atua\u00e7\u00f5es classistas e sociais. <strong>Pilako<\/strong>, como \u00e9 conhecido por todos em nossa cidade, se coloca agora como blogueiro, no gratificante trabalho de servir a sociedade vitoriense como um todo.<\/p>\n<p style=\"text-align: justify;\"><a href=\"http:\/\/www.blogdopilako.com.br\/wp\/wp-content\/uploads\/foto5.jpg\"><\/a>\u201cNeste novo espa\u00e7o, Vit\u00f3ria ser\u00e1 o \u00fanico foco. Quero poder contribuir acima de tudo com a verdade, participando, cobrando, promovendo e propondo, enfim, contribuindo, porque \u00e9 desta forma que aprendi a viver, sendo um agente transformador. Imagino estar na metade da vida. Aprendi algumas coisas e quero ensinar aos que t\u00eam mais futuro de que passado, n\u00e3o deixando, evidentemente, de aprender com aqueles que t\u00eam mais passado que futuro.\u201d<\/p>\n<p style=\"text-align: justify;\">Seja bem vindo ao nosso blog.<a href=\"http:\/\/www.blogdopilako.com.br\/wp\/wp-content\/uploads\/foto41.gif\"><\/a><\/p>\n<p style=\"text-align: justify;\">[portfolio_slideshow include=&#8221;389,391,488,420,390&#8243;, timeout=4000, size=medium, thumbs=false, nav=false, showtitles=false, trans=scrollHorz]<\/p>\n\n\t\t\t\t<div class=\"mr_social_sharing_wrapper\">\n\t\t\t\t<!-- Social Sharing Toolkit v2.2 --><span class=\"mr_social_sharing_top\"><span style=\"display: inline-block; width: 55px; height: 62px; overflow: hidden;\"><div class=\"fb-like\" data-href=\"https:\/\/www.blogdopilako.com.br\/wp\/perfil\/\" data-send=\"false\" data-layout=\"box_count\" data-width=\"55\" data-show-faces=\"false\"><\/div><\/span><\/span><span class=\"mr_social_sharing_top\"><fb:share-button type=\"box_count\" href=\"https:\/\/www.blogdopilako.com.br\/wp\/perfil\/\"><\/fb:share-button><\/span><span class=\"mr_social_sharing\"><a rel=\"nofollow\" class=\"linksalpha_button linksalpha_link\" href=\"\/\/www.linksalpha.com\/social\/mobile\" data-url=\"https:\/\/www.blogdopilako.com.br\/wp\/perfil\/\" data-text=\"Perfil\" data-desc=\"Cristiano Pilako nasceu em 26 de dezembro de 1967, casado com Soraya e pai de Gabriel, \u00e9 empres\u00e1rio, compositor, vitoriense atuante, presidente da ACIAV (Associa\u00e7\u00e3o Empresarial, Industrial e Agropecu\u00e1ria da Vit\u00f3ria) por dois mandatos, presidente da ABTV (Associa\u00e7\u00e3o dos Blocos de Trios\" data-image=\"http:\/\/www.blogdopilako.com.br\/wp\/wp-content\/uploads\/pilako2-300x231.jpg\" data-button=\"none\">\n\t\t\t\t\t<img src=\"\/\/www.linksalpha.com\/images\/social_share_button.png\" alt=\"Share\" class=\"linksalpha_image\" \/>\n\t\t\t\t\t<\/a><script type=\"text\/javascript\" src=\"\/\/www.linksalpha.com\/scripts\/loader_iconbox.js?v=2.4\"><\/script><\/span><\/div>","protected":false},"excerpt":{"rendered":"\n\t\t\t\t<div class=\"mr_social_sharing_wrapper\">\n\t\t\t\t<!-- Social Sharing Toolkit v2.2 --><span class=\"mr_social_sharing_top\"><span style=\"display: inline-block; width: 55px; height: 62px; overflow: hidden;\"><div class=\"fb-like\" data-href=\"https:\/\/www.blogdopilako.com.br\/wp\/perfil\/\" data-send=\"false\" data-layout=\"box_count\" data-width=\"55\" data-show-faces=\"false\"><\/div><\/span><\/span><span class=\"mr_social_sharing_top\"><fb:share-button type=\"box_count\" href=\"https:\/\/www.blogdopilako.com.br\/wp\/perfil\/\"><\/fb:share-button><\/span><span class=\"mr_social_sharing\"><a rel=\"nofollow\" class=\"linksalpha_button linksalpha_link\" href=\"\/\/www.linksalpha.com\/social\/mobile\" data-url=\"https:\/\/www.blogdopilako.com.br\/wp\/perfil\/\" data-text=\"Perfil\" data-desc=\"Cristiano Pilako nasceu em 26 de dezembro de 1967, casado com Soraya e pai de Gabriel, \u00e9 empres\u00e1rio, compositor, vitoriense atuante, presidente da ACIAV (Associa\u00e7\u00e3o Empresarial, Industrial e Agropecu\u00e1ria da Vit\u00f3ria) por dois mandatos, presidente da ABTV (Associa\u00e7\u00e3o dos Blocos de Trios\" data-image=\"\" data-button=\"none\">\n\t\t\t\t\t<img src=\"\/\/www.linksalpha.com\/images\/social_share_button.png\" alt=\"Share\" class=\"linksalpha_image\" \/>\n\t\t\t\t\t<\/a><script type=\"text\/javascript\" src=\"\/\/www.linksalpha.com\/scripts\/loader_iconbox.js?v=2.4\"><\/script><\/span><\/div><p>Cristiano Pilako nasceu em 26 de dezembro de 1967, casado com Soraya e pai de Gabriel, \u00e9 empres\u00e1rio, compositor, vitoriense atuante, presidente da ACIAV (Associa\u00e7\u00e3o Empresarial, Industrial e Agropecu\u00e1ria da Vit\u00f3ria) por dois mandatos, presidente da ABTV (Associa\u00e7\u00e3o dos Blocos &hellip; <a href=\"https:\/\/www.blogdopilako.com.br\/wp\/perfil\/\">Continue lendo <span class=\"meta-nav\">&rarr;<\/span><\/a><\/p>\n\n\t\t\t\t<div class=\"mr_social_sharing_wrapper\">\n\t\t\t\t<!-- Social Sharing Toolkit v2.2 --><span class=\"mr_social_sharing_top\"><span style=\"display: inline-block; width: 55px; height: 62px; overflow: hidden;\"><div class=\"fb-like\" data-href=\"https:\/\/www.blogdopilako.com.br\/wp\/perfil\/\" data-send=\"false\" data-layout=\"box_count\" data-width=\"55\" data-show-faces=\"false\"><\/div><\/span><\/span><span class=\"mr_social_sharing_top\"><fb:share-button type=\"box_count\" href=\"https:\/\/www.blogdopilako.com.br\/wp\/perfil\/\"><\/fb:share-button><\/span><span class=\"mr_social_sharing\"><a rel=\"nofollow\" class=\"linksalpha_button linksalpha_link\" href=\"\/\/www.linksalpha.com\/social\/mobile\" data-url=\"https:\/\/www.blogdopilako.com.br\/wp\/perfil\/\" data-text=\"Perfil\" data-desc=\"Cristiano Pilako nasceu em 26 de dezembro de 1967, casado com Soraya e pai de Gabriel, \u00e9 empres\u00e1rio, compositor, vitoriense atuante, presidente da ACIAV (Associa\u00e7\u00e3o Empresarial, Industrial e Agropecu\u00e1ria da Vit\u00f3ria) por dois mandatos, presidente da ABTV (Associa\u00e7\u00e3o dos Blocos de Trios\" data-image=\"\" data-button=\"none\">\n\t\t\t\t\t<img src=\"\/\/www.linksalpha.com\/images\/social_share_button.png\" alt=\"Share\" class=\"linksalpha_image\" \/>\n\t\t\t\t\t<\/a><script type=\"text\/javascript\" src=\"\/\/www.linksalpha.com\/scripts\/loader_iconbox.js?v=2.4\"><\/script><\/span><\/div>","protected":false},"author":1,"featured_media":0,"parent":0,"menu_order":1,"comment_status":"open","ping_status":"open","template":"sidebar-page.php","meta":[],"_links":{"self":[{"href":"https:\/\/www.blogdopilako.com.br\/wp\/wp-json\/wp\/v2\/pages\/11"}],"collection":[{"href":"https:\/\/www.blogdopilako.com.br\/wp\/wp-json\/wp\/v2\/pages"}],"about":[{"href":"https:\/\/www.blogdopilako.com.br\/wp\/wp-json\/wp\/v2\/types\/page"}],"author":[{"embeddable":true,"href":"https:\/\/www.blogdopilako.com.br\/wp\/wp-json\/wp\/v2\/users\/1"}],"replies":[{"embeddable":true,"href":"https:\/\/www.blogdopilako.com.br\/wp\/wp-json\/wp\/v2\/comments?post=11"}],"version-history":[{"count":23,"href":"https:\/\/www.blogdopilako.com.br\/wp\/wp-json\/wp\/v2\/pages\/11\/revisions"}],"predecessor-version":[{"id":133401,"href":"https:\/\/www.blogdopilako.com.br\/wp\/wp-json\/wp\/v2\/pages\/11\/revisions\/133401"}],"wp:attachment":[{"href":"https:\/\/www.blogdopilako.com.br\/wp\/wp-json\/wp\/v2\/media?parent=11"}],"curies":[{"name":"wp","href":"https:\/\/api.w.org\/{rel}","templated":true}]}}